{"id":1067,"date":"2026-08-20T01:27:03","date_gmt":"2026-08-20T01:27:03","guid":{"rendered":"https:\/\/eventos.ori-estarreja.pt\/abom2027\/?page_id=1067"},"modified":"2026-08-20T01:27:04","modified_gmt":"2026-08-20T01:27:04","slug":"contactos","status":"publish","type":"page","link":"https:\/\/eventos.ori-estarreja.pt\/abom2027\/contactos\/","title":{"rendered":"Contactos"},"content":{"rendered":"<div id=\"pl-gb1067-6a978350a5956\"  class=\"panel-layout\" ><div id=\"pg-gb1067-6a978350a5956-0\"  class=\"panel-grid panel-has-style\" ><div class=\"panel-row-style panel-row-style-for-gb1067-6a978350a5956-0\" ><div id=\"pgc-gb1067-6a978350a5956-0-0\"  class=\"panel-grid-cell\" ><div id=\"panel-gb1067-6a978350a5956-0-0-0\" class=\"so-panel widget widget_sow-editor panel-first-child panel-last-child\" data-index=\"0\" ><div\n\t\t\t\n\t\t\tclass=\"so-widget-sow-editor so-widget-sow-editor-base\"\n\t\t\t\n\t\t><h3 class=\"widget-title\">RESPONS\u00c1VEIS ABOM 2027<\/h3>\n<div class=\"siteorigin-widget-tinymce textwidget\">\n\t<ul>\n<li><strong>Diretor do Evento<\/strong>\n<ul>\n<li>Rafael Miguel<\/li>\n<\/ul>\n<\/li>\n<li><strong>Director T\u00e9cnico do Evento<\/strong>\n<ul>\n<li>Bruno Naz\u00e1rio<\/li>\n<\/ul>\n<\/li>\n<li><strong>Supervisor da Federa\u00e7\u00e3o Portuguesa de Orienta\u00e7\u00e3o<\/strong>\n<ul>\n<li><em><strong><span style=\"color: #ff6600;\">Por nomear<\/span><\/strong><\/em><\/li>\n<\/ul>\n<\/li>\n<\/ul>\n<\/div>\n<\/div><\/div><\/div><\/div><\/div><div id=\"pg-gb1067-6a978350a5956-1\"  class=\"panel-grid panel-has-style\" ><div class=\"panel-row-style panel-row-style-for-gb1067-6a978350a5956-1\" ><div id=\"pgc-gb1067-6a978350a5956-1-0\"  class=\"panel-grid-cell\" ><div id=\"panel-gb1067-6a978350a5956-1-0-0\" class=\"so-panel widget widget_sow-editor panel-first-child panel-last-child\" data-index=\"1\" ><div\n\t\t\t\n\t\t\tclass=\"so-widget-sow-editor so-widget-sow-editor-base\"\n\t\t\t\n\t\t><h3 class=\"widget-title\">CONTACTOS ABOM 2027 CONTACT<\/h3>\n<div class=\"siteorigin-widget-tinymce textwidget\">\n\t<ul>\n<li><strong>Rafael Miguel<\/strong>\n<ul>\n<li style=\"text-align: left;\"><strong>e-mail: <\/strong><a href=\"mailto:silvamiguelrafael@gmail.com\" target=\"_blank\" rel=\"noopener\">silvamiguelrafael@gmail.com<\/a><\/li>\n<li style=\"text-align: left;\"><strong>telem\u00f3vel: <\/strong>+351 961 640 295<\/li>\n<\/ul>\n<\/li>\n<li><strong>Equipa da Organiza\u00e7\u00e3o<\/strong>\n<ul>\n<li><strong>e-mail: <\/strong><a href=\"mailto:info@ori-estarreja.pt\" target=\"_blank\" rel=\"noopener\">info@ori-estarreja.pt<\/a><\/li>\n<\/ul>\n<\/li>\n<\/ul>\n<\/div>\n<\/div><\/div><\/div><\/div><\/div><div id=\"pg-gb1067-6a978350a5956-2\"  class=\"panel-grid panel-has-style\" ><div class=\"panel-row-style panel-row-style-for-gb1067-6a978350a5956-2\" ><div id=\"pgc-gb1067-6a978350a5956-2-0\"  class=\"panel-grid-cell\" ><div id=\"panel-gb1067-6a978350a5956-2-0-0\" class=\"so-panel widget widget_sow-editor panel-first-child panel-last-child\" data-index=\"2\" ><div\n\t\t\t\n\t\t\tclass=\"so-widget-sow-editor so-widget-sow-editor-base\"\n\t\t\t\n\t\t><h3 class=\"widget-title\">CONTACTOS PARA CAMPOS DE TREINO E ALOJAMENTO<\/h3>\n<div class=\"siteorigin-widget-tinymce textwidget\">\n\t<ul>\n<li><strong>Site dos Campos de Treino<\/strong>\n<ul>\n<li><a href=\"http:\/\/www.o-portugal.pt\" target=\"_blank\" rel=\"noopener\">www.o-portugal.pt<\/a><\/li>\n<\/ul>\n<\/li>\n<li><strong>Bruno Naz\u00e1rio<\/strong>\n<ul>\n<li style=\"text-align: left;\"><strong>e-mail: <\/strong><a href=\"mailto:info@o-portugal.pt\" target=\"_blank\" rel=\"noopener\">info@o-portugal.pt<\/a><\/li>\n<li style=\"text-align: left;\"><strong>telem\u00f3vel: <\/strong>+351 965 197 376<\/li>\n<\/ul>\n<\/li>\n<\/ul>\n<\/div>\n<\/div><\/div><\/div><div id=\"pgc-gb1067-6a978350a5956-2-1\"  class=\"panel-grid-cell\" ><div id=\"panel-gb1067-6a978350a5956-2-1-0\" class=\"so-panel widget widget_sow-image panel-first-child panel-last-child\" data-index=\"3\" ><div\n\t\t\t\n\t\t\tclass=\"so-widget-sow-image so-widget-sow-image-default-a258e6bfa2d8-1067\"\n\t\t\t\n\t\t>\n<div class=\"sow-image-container\">\n\t\t\t<a href=\"https:\/\/eventos.ori-estarreja.pt\/abom2027\/wp-content\/uploads\/sites\/7\/2024\/06\/O-Portugal_Logo_Slider.png\"\n\t\t\tdata-lightbox=\"75547500966f5388d374c5255147301\" data-lightbox-options=\"{&quot;alwaysShowNavOnTouchDevices&quot;:false,&quot;disabledOnTablet&quot;:false,&quot;disabledOnMobile&quot;:false,&quot;disableScrolling&quot;:false,&quot;overlayColor&quot;:&quot;#000&quot;,&quot;overlayOpacity&quot;:0.8,&quot;fadeDuration&quot;:600,&quot;fitImagesInViewport&quot;:true,&quot;imageFadeDuration&quot;:600,&quot;maxHeight&quot;:&quot;&quot;,&quot;maxWidth&quot;:&quot;&quot;,&quot;positionFromTop&quot;:50,&quot;resizeDuration&quot;:700,&quot;showImageNumberLabel&quot;:true,&quot;disableCaption&quot;:&quot;&quot;,&quot;wrapAround&quot;:true,&quot;albumLabel&quot;:&quot; %1 of %2&quot;}\" \t\t>\n\t\t\t<img \n\tsrc=\"https:\/\/eventos.ori-estarreja.pt\/abom2027\/wp-content\/uploads\/sites\/7\/2024\/06\/O-Portugal_Logo_Slider.png\" width=\"400\" height=\"200\" srcset=\"https:\/\/eventos.ori-estarreja.pt\/abom2027\/wp-content\/uploads\/sites\/7\/2024\/06\/O-Portugal_Logo_Slider.png 400w, https:\/\/eventos.ori-estarreja.pt\/abom2027\/wp-content\/uploads\/sites\/7\/2024\/06\/O-Portugal_Logo_Slider-300x150.png 300w\" sizes=\"(max-width: 400px) 100vw, 400px\" alt=\"\" \t\tclass=\"so-widget-image\"\/>\n\t\t\t<\/a><\/div>\n\n<\/div><\/div><\/div><\/div><\/div><\/div>\n\n\n<p class=\"wp-block-paragraph\"><\/p>\n","protected":false},"excerpt":{"rendered":"<p>Diretor do Evento Rafael Miguel Director T\u00e9cnico do Evento Bruno Naz\u00e1rio Supervisor da Federa\u00e7\u00e3o Portuguesa de Orienta\u00e7\u00e3o Por nomear Rafael Miguel e-mail: silvamiguelrafael@gmail.com telem\u00f3vel: +351 961 640 295 Equipa da Organiza\u00e7\u00e3o e-mail: info@ori-estarreja.pt<\/p>\n","protected":false},"author":1,"featured_media":0,"parent":0,"menu_order":0,"comment_status":"closed","ping_status":"closed","template":"","meta":{"footnotes":""},"class_list":["post-1067","page","type-page","status-publish","hentry","post"],"_links":{"self":[{"href":"https:\/\/eventos.ori-estarreja.pt\/abom2027\/wp-json\/wp\/v2\/pages\/1067","targetHints":{"allow":["GET"]}}],"collection":[{"href":"https:\/\/eventos.ori-estarreja.pt\/abom2027\/wp-json\/wp\/v2\/pages"}],"about":[{"href":"https:\/\/eventos.ori-estarreja.pt\/abom2027\/wp-json\/wp\/v2\/types\/page"}],"author":[{"embeddable":true,"href":"https:\/\/eventos.ori-estarreja.pt\/abom2027\/wp-json\/wp\/v2\/users\/1"}],"replies":[{"embeddable":true,"href":"https:\/\/eventos.ori-estarreja.pt\/abom2027\/wp-json\/wp\/v2\/comments?post=1067"}],"version-history":[{"count":12,"href":"https:\/\/eventos.ori-estarreja.pt\/abom2027\/wp-json\/wp\/v2\/pages\/1067\/revisions"}],"predecessor-version":[{"id":2897,"href":"https:\/\/eventos.ori-estarreja.pt\/abom2027\/wp-json\/wp\/v2\/pages\/1067\/revisions\/2897"}],"wp:attachment":[{"href":"https:\/\/eventos.ori-estarreja.pt\/abom2027\/wp-json\/wp\/v2\/media?parent=1067"}],"curies":[{"name":"wp","href":"https:\/\/api.w.org\/{rel}","templated":true}]}}